{"id":1378,"date":"2022-12-21T10:57:57","date_gmt":"2022-12-21T13:57:57","guid":{"rendered":"https:\/\/deaf1.com.br\/home\/"},"modified":"2025-11-24T20:57:00","modified_gmt":"2025-11-24T23:57:00","slug":"home","status":"publish","type":"page","link":"https:\/\/deaf1.com.br\/fr\/","title":{"rendered":"Page d&rsquo;accueil"},"content":{"rendered":"<p>[et_pb_section fb_built=\u00a0\u00bb1&Prime; custom_padding_last_edited=\u00a0\u00bbon|desktop\u00a0\u00bb _builder_version=\u00a0\u00bb4.20.0&Prime; _module_preset=\u00a0\u00bbdefault\u00a0\u00bb background_color=\u00a0\u00bb#f2f2f2&Prime; custom_margin=\u00a0\u00bb||||false|false\u00a0\u00bb custom_padding=\u00a0\u00bb180px||17px||false|false\u00a0\u00bb custom_padding_tablet=\u00a0\u00bb180px||17px||false|false\u00a0\u00bb custom_padding_phone=\u00a0\u00bb10px||||false|false\u00a0\u00bb global_colors_info=\u00a0\u00bb{}\u00a0\u00bb][et_pb_row column_structure=\u00a0\u00bb3_5,2_5&Prime; make_equal=\u00a0\u00bbon\u00a0\u00bb _builder_version=\u00a0\u00bb4.20.0&Prime; _module_preset=\u00a0\u00bbdefault\u00a0\u00bb z_index=\u00a0\u00bb1&Prime; max_width=\u00a0\u00bb1200px\u00a0\u00bb custom_margin=\u00a0\u00bb|auto|13px|auto||\u00a0\u00bb global_colors_info=\u00a0\u00bb{}\u00a0\u00bb][et_pb_column type=\u00a0\u00bb3_5&Prime; _builder_version=\u00a0\u00bb4.18.0&Prime; _module_preset=\u00a0\u00bbdefault\u00a0\u00bb global_colors_info=\u00a0\u00bb{}\u00a0\u00bb][et_pb_text _builder_version=\u00a0\u00bb4.20.0&Prime; _module_preset=\u00a0\u00bb518880c8-46c7-4ffa-b5a6-93ffa99dcc17&Prime; text_font=\u00a0\u00bb|300|||||||\u00a0\u00bb text_text_color=\u00a0\u00bb#000000&Prime; text_font_size=\u00a0\u00bb16px\u00a0\u00bb text_line_height=\u00a0\u00bb1.6em\u00a0\u00bb link_text_color=\u00a0\u00bb#23CDE7&Prime; width=\u00a0\u00bb80%\u00a0\u00bb module_alignment=\u00a0\u00bbcenter\u00a0\u00bb text_font_size_tablet=\u00a0\u00bb16px\u00a0\u00bb text_font_size_phone=\u00a0\u00bb14px\u00a0\u00bb text_font_size_last_edited=\u00a0\u00bbon|phone\u00a0\u00bb global_colors_info=\u00a0\u00bb{}\u00a0\u00bb]<\/p>\n<p>Quatre lettres et un chiffre. Un g\u00e8ne essentiel pour le d\u00e9veloppement neurologique et de nombreuses autres fonctions de notre corps. Sa mutation avant la mutation, dans un ou les deux gam\u00e8tes, peut d\u00e9clencher le syndrome de Vulto-Van Silhfhout-de Vries ou NEDHELS.<\/p>\n<p>Les sympt\u00f4mes d\u00e9clench\u00e9s peuvent \u00eatre : une d\u00e9ficience intellectuelle, une apraxie de la parole ou globale, un trouble du spectre autistique (TSA), un retard de d\u00e9veloppement, une \u00e9pilepsie.<\/p>\n<p>L&rsquo;identification de cette mutation, dans presque tous les pays, n&rsquo;est possible que par EXOMA. Dans notre base de donn\u00e9es, il y a plus de 100 enqu\u00eates r\u00e9alis\u00e9es jusqu&rsquo;\u00e0 pr\u00e9sent. Beaucoup a d\u00e9j\u00e0 \u00e9t\u00e9 vu, mais pour nos enfants il reste encore beaucoup de questions sans r\u00e9ponse, de difficult\u00e9s, de bouleversements et autres d\u00e9fis quotidiens. Nous voulons aller plus loin.<\/p>\n<p>Avec la responsabilit\u00e9, la proximit\u00e9 entre les familles et la science, la foi et l&rsquo;engagement, nous croyons que la recherche peut aider chacune de ces personnes \u00e0 avoir plus de qualit\u00e9 de vie, de communication et de participation sociale.<\/p>\n<p><strong>Apr\u00e8s tout, TOUTES LES VIES LE VAUTENT !<\/strong><\/p>\n<p>[\/et_pb_text][\/et_pb_column][et_pb_column type=\u00a0\u00bb2_5&Prime; _builder_version=\u00a0\u00bb4.20.0&Prime; _module_preset=\u00a0\u00bbdefault\u00a0\u00bb custom_css_main_element=\u00a0\u00bbmargin: auto;\u00a0\u00bb global_colors_info=\u00a0\u00bb{}\u00a0\u00bb][dsm_image_carousel gallery_ids=\u00a0\u00bb747,746,745,744,743,740,739,741&Prime; centered_slides=\u00a0\u00bbon\u00a0\u00bb slide_to_show=\u00a0\u00bb1&Prime; autoplay_speed=\u00a0\u00bb2000&Prime; arrow_position=\u00a0\u00bbinside\u00a0\u00bb dots_horizontal_placement=\u00a0\u00bb35px\u00a0\u00bb _builder_version=\u00a0\u00bb4.20.0&Prime; _module_preset=\u00a0\u00bbdefault\u00a0\u00bb global_colors_info=\u00a0\u00bb{}\u00a0\u00bb][\/dsm_image_carousel][\/et_pb_column][\/et_pb_row][\/et_pb_section][et_pb_section fb_built=\u00a0\u00bb1&Prime; admin_label=\u00a0\u00bbAbout\u00a0\u00bb _builder_version=\u00a0\u00bb4.19.4&Prime; _module_preset=\u00a0\u00bbdefault\u00a0\u00bb background_enable_image=\u00a0\u00bboff\u00a0\u00bb background_size=\u00a0\u00bbcustom\u00a0\u00bb background_image_width=\u00a0\u00bb25%\u00a0\u00bb background_position=\u00a0\u00bbtop_right\u00a0\u00bb collapsed=\u00a0\u00bbon\u00a0\u00bb global_colors_info=\u00a0\u00bb{}\u00a0\u00bb][et_pb_row column_structure=\u00a0\u00bb1_2,1_2&Prime; make_equal=\u00a0\u00bbon\u00a0\u00bb _builder_version=\u00a0\u00bb4.19.4&Prime; _module_preset=\u00a0\u00bbdefault\u00a0\u00bb locked=\u00a0\u00bboff\u00a0\u00bb global_colors_info=\u00a0\u00bb{}\u00a0\u00bb][et_pb_column type=\u00a0\u00bb1_2&Prime; _builder_version=\u00a0\u00bb4.18.0&Prime; _module_preset=\u00a0\u00bbdefault\u00a0\u00bb global_colors_info=\u00a0\u00bb{}\u00a0\u00bb][et_pb_image src=\u00a0\u00bbhttps:\/\/deaf1.com.br\/wp-content\/uploads\/2022\/12\/deaf1-pesquisa.jpg\u00a0\u00bb alt=\u00a0\u00bbRecherche sur les Deaf1&Prime; title_text=\u00a0\u00bbPesquisa Deaf1&Prime; _builder_version=\u00a0\u00bb4.19.4&Prime; _module_preset=\u00a0\u00bbdefault\u00a0\u00bb max_height_tablet=\u00a0\u00bb400px\u00a0\u00bb max_height_phone=\u00a0\u00bb400px\u00a0\u00bb max_height_last_edited=\u00a0\u00bbon|tablet\u00a0\u00bb global_colors_info=\u00a0\u00bb{}\u00a0\u00bb][\/et_pb_image][\/et_pb_column][et_pb_column type=\u00a0\u00bb1_2&Prime; _builder_version=\u00a0\u00bb4.19.4&Prime; _module_preset=\u00a0\u00bbdefault\u00a0\u00bb custom_padding=\u00a0\u00bb||||false|false\u00a0\u00bb global_colors_info=\u00a0\u00bb{}\u00a0\u00bb][et_pb_text _builder_version=\u00a0\u00bb4.19.4&Prime; _module_preset=\u00a0\u00bbb327cbe4-b1d5-4b66-ad37-40c8f2f061ba\u00a0\u00bb header_2_font=\u00a0\u00bb|700|||||||\u00a0\u00bb header_2_text_color=\u00a0\u00bb#005CC8&Prime; header_2_font_size=\u00a0\u00bb38px\u00a0\u00bb header_2_line_height=\u00a0\u00bb1.35em\u00a0\u00bb header_2_font_size_tablet=\u00a0\u00bb32px\u00a0\u00bb header_2_font_size_phone=\u00a0\u00bb20px\u00a0\u00bb header_2_font_size_last_edited=\u00a0\u00bbon|desktop\u00a0\u00bb global_colors_info=\u00a0\u00bb{}\u00a0\u00bb]<\/p>\n<h2>Tenez-vous au courant des derni\u00e8res recherches et connaissances sur DEAF1<\/h2>\n<p>[\/et_pb_text][et_pb_text _builder_version=\u00a0\u00bb4.19.4&Prime; _module_preset=\u00a0\u00bb1f09816e-184e-4ce5-a4cf-b39c52c423ca\u00a0\u00bb text_font=\u00a0\u00bbHind||||||||\u00a0\u00bb text_text_color=\u00a0\u00bb#000000&Prime; text_font_size=\u00a0\u00bb16px\u00a0\u00bb text_line_height=\u00a0\u00bb1.8em\u00a0\u00bb link_text_color=\u00a0\u00bb#23CDE7&Prime; text_font_size_tablet=\u00a0\u00bb15px\u00a0\u00bb text_font_size_phone=\u00a0\u00bb14px\u00a0\u00bb text_font_size_last_edited=\u00a0\u00bbon|phone\u00a0\u00bb header_font_size_tablet=\u00a0\u00bb55px\u00a0\u00bb header_font_size_last_edited=\u00a0\u00bboff|desktop\u00a0\u00bb global_colors_info=\u00a0\u00bb{}\u00a0\u00bb]Nous sommes un institut qui promeut la recherche sur DEAF1. L\u00e9galement, nous sommes une association \u00e0 but non lucratif. Nos principes sont la transparence, l&rsquo;\u00e9thique, le droit \u00e0 la science, la traduction et la diffusion des connaissances scientifiques, le respect de la vie d\u00e8s sa conception et la responsabilit\u00e9 socio-\u00e9conomique et environnementale.<\/p>\n<p>Rencontrez notre \u00e9quipe et nos projets.[\/et_pb_text][et_pb_button button_url=\u00a0\u00bb\/sobre-nos\/\u00a0\u00bb button_text=\u00a0\u00bbSOBRE N\u00d3S\u00a0\u00bb button_alignment=\u00a0\u00bbleft\u00a0\u00bb _builder_version=\u00a0\u00bb4.19.4&Prime; _module_preset=\u00a0\u00bbdb46e67d-9505-40bb-9ebd-8901bc8b3a95&Prime; custom_button=\u00a0\u00bbon\u00a0\u00bb button_text_size=\u00a0\u00bb18px\u00a0\u00bb button_font=\u00a0\u00bb|||on|||||\u00a0\u00bb button_use_icon=\u00a0\u00bboff\u00a0\u00bb custom_padding=\u00a0\u00bb18px|32px|18px|32px|true|true\u00a0\u00bb global_colors_info=\u00a0\u00bb{}\u00a0\u00bb][\/et_pb_button][\/et_pb_column][\/et_pb_row][\/et_pb_section][et_pb_section fb_built=\u00a0\u00bb1&Prime; admin_label=\u00a0\u00bbMenu\u00a0\u00bb _builder_version=\u00a0\u00bb4.19.4&Prime; _module_preset=\u00a0\u00bbdefault\u00a0\u00bb background_color=\u00a0\u00bb#3d85c6&Prime; background_image=\u00a0\u00bbhttps:\/\/deaf1.com.br\/wp-content\/uploads\/2022\/12\/Ativo-3.png\u00a0\u00bb background_size=\u00a0\u00bbinitial\u00a0\u00bb background_position=\u00a0\u00bbbottom_left\u00a0\u00bb background_horizontal_offset=\u00a0\u00bb5%\u00a0\u00bb background_repeat=\u00a0\u00bbrepeat-y\u00a0\u00bb background_blend=\u00a0\u00bbmultiply\u00a0\u00bb locked=\u00a0\u00bboff\u00a0\u00bb collapsed=\u00a0\u00bbon\u00a0\u00bb global_colors_info=\u00a0\u00bb{}\u00a0\u00bb][et_pb_row column_structure=\u00a0\u00bb3_5,2_5&Prime; make_equal=\u00a0\u00bbon\u00a0\u00bb _builder_version=\u00a0\u00bb4.19.4&Prime; _module_preset=\u00a0\u00bbdefault\u00a0\u00bb max_width=\u00a0\u00bb950px\u00a0\u00bb locked=\u00a0\u00bboff\u00a0\u00bb global_colors_info=\u00a0\u00bb{}\u00a0\u00bb][et_pb_column type=\u00a0\u00bb3_5&Prime; _builder_version=\u00a0\u00bb4.18.0&Prime; _module_preset=\u00a0\u00bbdefault\u00a0\u00bb global_colors_info=\u00a0\u00bb{}\u00a0\u00bb][et_pb_text _builder_version=\u00a0\u00bb4.27.4&Prime; _module_preset=\u00a0\u00bbb327cbe4-b1d5-4b66-ad37-40c8f2f061ba\u00a0\u00bb header_2_font=\u00a0\u00bb|700|||||||\u00a0\u00bb header_2_text_color=\u00a0\u00bb#FFFFFF\u00a0\u00bb header_2_font_size=\u00a0\u00bb38px\u00a0\u00bb header_2_line_height=\u00a0\u00bb1.35em\u00a0\u00bb text_orientation=\u00a0\u00bbcenter\u00a0\u00bb hover_enabled=\u00a0\u00bb0&Prime; header_2_font_size_tablet=\u00a0\u00bb32px\u00a0\u00bb header_2_font_size_phone=\u00a0\u00bb20px\u00a0\u00bb header_2_font_size_last_edited=\u00a0\u00bbon|desktop\u00a0\u00bb locked=\u00a0\u00bboff\u00a0\u00bb global_colors_info=\u00a0\u00bb{}\u00a0\u00bb sticky_enabled=\u00a0\u00bb0&Prime;]<\/p>\n<h2>Le rapport d&rsquo;activit\u00e9 2024 est d\u00e9sormais disponible<\/h2>\n<p>[\/et_pb_text][et_pb_text _builder_version=\u00a0\u00bb4.27.4&Prime; _module_preset=\u00a0\u00bb1f09816e-184e-4ce5-a4cf-b39c52c423ca\u00a0\u00bb text_font=\u00a0\u00bbHind||||||||\u00a0\u00bb text_text_color=\u00a0\u00bb#FFFFFF\u00a0\u00bb text_font_size=\u00a0\u00bb16px\u00a0\u00bb text_line_height=\u00a0\u00bb1.8em\u00a0\u00bb link_text_color=\u00a0\u00bb#23CDE7&Prime; text_orientation=\u00a0\u00bbcenter\u00a0\u00bb hover_enabled=\u00a0\u00bb0&Prime; text_font_size_tablet=\u00a0\u00bb15px\u00a0\u00bb text_font_size_phone=\u00a0\u00bb14px\u00a0\u00bb text_font_size_last_edited=\u00a0\u00bbon|phone\u00a0\u00bb header_font_size_tablet=\u00a0\u00bb55px\u00a0\u00bb header_font_size_last_edited=\u00a0\u00bboff|desktop\u00a0\u00bb global_colors_info=\u00a0\u00bb{}\u00a0\u00bb sticky_enabled=\u00a0\u00bb0&Prime;]<\/p>\n<p>La transparence est l&rsquo;un de nos principes de base. Acc\u00e9dez au rapport d\u2019activit\u00e9 2024 ici. Disponible en 4 langues (portugais, anglais, espagnol, fran\u00e7ais)<\/p>\n<p>[\/et_pb_text][et_pb_button button_url=\u00a0\u00bbhttps:\/\/drive.google.com\/file\/d\/153G4N2Wh6q19hmlyCZNpv5spcSBMq9cf\/view?usp=drive_link\u00a0\u00bb url_new_window=\u00a0\u00bbon\u00a0\u00bb button_text=\u00a0\u00bbACESSAR RELAT\u00d3RIO\u00a0\u00bb button_alignment=\u00a0\u00bbcenter\u00a0\u00bb _builder_version=\u00a0\u00bb4.27.4&Prime; _module_preset=\u00a0\u00bb3117bc07-6a8a-4679-b3bb-b6ed74b48a2f\u00a0\u00bb custom_button=\u00a0\u00bbon\u00a0\u00bb button_text_size=\u00a0\u00bb18px\u00a0\u00bb button_border_width=\u00a0\u00bb3px\u00a0\u00bb button_border_color=\u00a0\u00bb#FFFFFF\u00a0\u00bb button_font=\u00a0\u00bb|700||on|||||\u00a0\u00bb custom_padding=\u00a0\u00bb18px|32px|18px|32px|true|true\u00a0\u00bb hover_enabled=\u00a0\u00bb0&Prime; global_colors_info=\u00a0\u00bb{}\u00a0\u00bb button_border_color__hover_enabled=\u00a0\u00bbon|desktop\u00a0\u00bb button_border_color__hover=\u00a0\u00bbRGBA(255,255,255,0)\u00a0\u00bb sticky_enabled=\u00a0\u00bb0&Prime;][\/et_pb_button][\/et_pb_column][et_pb_column type=\u00a0\u00bb2_5&Prime; _builder_version=\u00a0\u00bb4.19.4&Prime; _module_preset=\u00a0\u00bbdefault\u00a0\u00bb custom_css_main_element=\u00a0\u00bbmargin:auto;\u00a0\u00bb global_colors_info=\u00a0\u00bb{}\u00a0\u00bb][et_pb_image src=\u00a0\u00bbhttps:\/\/deaf1.com.br\/wp-content\/uploads\/2025\/11\/relatorio_atividades.png\u00a0\u00bb alt=\u00a0\u00bbCouverture du rapport 2023 en vert\u00a0\u00bb title_text=\u00a0\u00bbrelat\u00f3rio_atividades\u00a0\u00bb align=\u00a0\u00bbcenter\u00a0\u00bb _builder_version=\u00a0\u00bb4.27.4&Prime; _module_preset=\u00a0\u00bbdefault\u00a0\u00bb hover_enabled=\u00a0\u00bb0&Prime; global_colors_info=\u00a0\u00bb{}\u00a0\u00bb sticky_enabled=\u00a0\u00bb0&Prime;][\/et_pb_image][\/et_pb_column][\/et_pb_row][\/et_pb_section][et_pb_section fb_built=\u00a0\u00bb1&Prime; admin_label=\u00a0\u00bbMenu\u00a0\u00bb _builder_version=\u00a0\u00bb4.18.0&Prime; _module_preset=\u00a0\u00bbdefault\u00a0\u00bb locked=\u00a0\u00bboff\u00a0\u00bb collapsed=\u00a0\u00bbon\u00a0\u00bb global_colors_info=\u00a0\u00bb{}\u00a0\u00bb][et_pb_row column_structure=\u00a0\u00bb1_2,1_2&Prime; _builder_version=\u00a0\u00bb4.18.0&Prime; _module_preset=\u00a0\u00bbdefault\u00a0\u00bb global_colors_info=\u00a0\u00bb{}\u00a0\u00bb][et_pb_column type=\u00a0\u00bb1_2&Prime; _builder_version=\u00a0\u00bb4.18.0&Prime; _module_preset=\u00a0\u00bbdefault\u00a0\u00bb global_colors_info=\u00a0\u00bb{}\u00a0\u00bb][et_pb_text _builder_version=\u00a0\u00bb4.19.4&Prime; _module_preset=\u00a0\u00bbb327cbe4-b1d5-4b66-ad37-40c8f2f061ba\u00a0\u00bb header_2_font=\u00a0\u00bb|700|||||||\u00a0\u00bb header_2_text_color=\u00a0\u00bb#005CC8&Prime; header_2_font_size=\u00a0\u00bb38px\u00a0\u00bb header_2_line_height=\u00a0\u00bb1.35em\u00a0\u00bb header_2_font_size_tablet=\u00a0\u00bb32px\u00a0\u00bb header_2_font_size_phone=\u00a0\u00bb20px\u00a0\u00bb header_2_font_size_last_edited=\u00a0\u00bbon|desktop\u00a0\u00bb global_colors_info=\u00a0\u00bb{}\u00a0\u00bb]<\/p>\n<h2>Suivez toutes nos campagnes et sondages<\/h2>\n<p>[\/et_pb_text][\/et_pb_column][et_pb_column type=\u00a0\u00bb1_2&Prime; _builder_version=\u00a0\u00bb4.18.0&Prime; _module_preset=\u00a0\u00bbdefault\u00a0\u00bb global_colors_info=\u00a0\u00bb{}\u00a0\u00bb][et_pb_text _builder_version=\u00a0\u00bb4.19.4&Prime; _module_preset=\u00a0\u00bb1f09816e-184e-4ce5-a4cf-b39c52c423ca\u00a0\u00bb text_font=\u00a0\u00bbHind||||||||\u00a0\u00bb text_text_color=\u00a0\u00bb#000000&Prime; text_font_size=\u00a0\u00bb16px\u00a0\u00bb text_line_height=\u00a0\u00bb1.8em\u00a0\u00bb link_text_color=\u00a0\u00bb#23CDE7&Prime; text_font_size_tablet=\u00a0\u00bb15px\u00a0\u00bb text_font_size_phone=\u00a0\u00bb14px\u00a0\u00bb text_font_size_last_edited=\u00a0\u00bbon|phone\u00a0\u00bb header_font_size_tablet=\u00a0\u00bb55px\u00a0\u00bb header_font_size_last_edited=\u00a0\u00bboff|desktop\u00a0\u00bb global_colors_info=\u00a0\u00bb{}\u00a0\u00bb]<\/p>\n<p><strong>La science<\/strong> est une connaissance issue de tr\u00e8s nombreuses exp\u00e9riences, \u00e9tudes, d\u00e9bats et collaborations. Dans cet esprit, nous nous associons \u00e0 ceux qui souhaitent approfondir leurs connaissances sur ce g\u00e8ne si important et essentiel pour le neurod\u00e9veloppement et qui a un impact direct sur le syndrome de Vulto-Van Silfhout de Vries et NEDHELS.<\/p>\n<p>[\/et_pb_text][et_pb_button button_url=\u00a0\u00bb\/contato\/\u00a0\u00bb button_text=\u00a0\u00bbCONTATO\u00a0\u00bb button_alignment=\u00a0\u00bbleft\u00a0\u00bb _builder_version=\u00a0\u00bb4.19.4&Prime; _module_preset=\u00a0\u00bbdb46e67d-9505-40bb-9ebd-8901bc8b3a95&Prime; custom_button=\u00a0\u00bbon\u00a0\u00bb button_text_size=\u00a0\u00bb18px\u00a0\u00bb button_border_color=\u00a0\u00bb#005CC8&Prime; button_font=\u00a0\u00bb|700||on|||||\u00a0\u00bb button_use_icon=\u00a0\u00bboff\u00a0\u00bb custom_padding=\u00a0\u00bb18px|32px|18px|32px|true|true\u00a0\u00bb global_colors_info=\u00a0\u00bb{}\u00a0\u00bb][\/et_pb_button][\/et_pb_column][\/et_pb_row][et_pb_row disabled_on=\u00a0\u00bbon|on|on\u00a0\u00bb _builder_version=\u00a0\u00bb4.19.4&Prime; _module_preset=\u00a0\u00bbdefault\u00a0\u00bb global_colors_info=\u00a0\u00bb{}\u00a0\u00bb][et_pb_column type=\u00a0\u00bb4_4&Prime; _builder_version=\u00a0\u00bb4.19.4&Prime; _module_preset=\u00a0\u00bbdefault\u00a0\u00bb global_colors_info=\u00a0\u00bb{}\u00a0\u00bb][et_pb_text _builder_version=\u00a0\u00bb4.19.4&Prime; _module_preset=\u00a0\u00bbb327cbe4-b1d5-4b66-ad37-40c8f2f061ba\u00a0\u00bb header_2_font=\u00a0\u00bb|700|||||||\u00a0\u00bb header_2_text_color=\u00a0\u00bb#005CC8&Prime; header_2_font_size=\u00a0\u00bb38px\u00a0\u00bb header_2_line_height=\u00a0\u00bb1.35em\u00a0\u00bb text_orientation=\u00a0\u00bbcenter\u00a0\u00bb header_2_font_size_tablet=\u00a0\u00bb32px\u00a0\u00bb header_2_font_size_phone=\u00a0\u00bb20px\u00a0\u00bb header_2_font_size_last_edited=\u00a0\u00bbon|desktop\u00a0\u00bb global_colors_info=\u00a0\u00bb{}\u00a0\u00bb]<\/p>\n<h2>notre Instagram<\/h2>\n<p>[\/et_pb_text][\/et_pb_column][\/et_pb_row][\/et_pb_section][et_pb_section fb_built=\u00a0\u00bb1&Prime; _builder_version=\u00a0\u00bb4.19.4&Prime; _module_preset=\u00a0\u00bbdefault\u00a0\u00bb background_color=\u00a0\u00bb#1c4587&Prime; background_enable_pattern_style=\u00a0\u00bbon\u00a0\u00bb background_pattern_style=\u00a0\u00bbtufted\u00a0\u00bb custom_padding=\u00a0\u00bb0px||0px||true|false\u00a0\u00bb global_colors_info=\u00a0\u00bb{}\u00a0\u00bb][et_pb_row _builder_version=\u00a0\u00bb4.19.4&Prime; _module_preset=\u00a0\u00bbdefault\u00a0\u00bb global_colors_info=\u00a0\u00bb{}\u00a0\u00bb][et_pb_column type=\u00a0\u00bb4_4&Prime; _builder_version=\u00a0\u00bb4.19.4&Prime; _module_preset=\u00a0\u00bbdefault\u00a0\u00bb global_colors_info=\u00a0\u00bb{}\u00a0\u00bb][et_pb_text _builder_version=\u00a0\u00bb4.19.4&Prime; _module_preset=\u00a0\u00bbdefault\u00a0\u00bb text_font=\u00a0\u00bb|300|on||||||\u00a0\u00bb text_text_color=\u00a0\u00bb#FFFFFF\u00a0\u00bb text_font_size=\u00a0\u00bb16px\u00a0\u00bb text_orientation=\u00a0\u00bbcenter\u00a0\u00bb global_colors_info=\u00a0\u00bb{}\u00a0\u00bb]<\/p>\n<p>\u00ab\u00a0Le progr\u00e8s scientifique doit \u00eatre \u00e9clair\u00e9 par la lumi\u00e8re de la foi, afin qu&rsquo;il respecte la centralit\u00e9 de la personne humaine.\u00a0\u00bb<\/p>\n<p>Pape Fran\u00e7ois<\/p>\n<p>[\/et_pb_text][\/et_pb_column][\/et_pb_row][\/et_pb_section][et_pb_section fb_built=\u00a0\u00bb1&Prime; _builder_version=\u00a0\u00bb4.19.4&Prime; _module_preset=\u00a0\u00bbdefault\u00a0\u00bb global_colors_info=\u00a0\u00bb{}\u00a0\u00bb][et_pb_row _builder_version=\u00a0\u00bb4.19.4&Prime; _module_preset=\u00a0\u00bbdefault\u00a0\u00bb global_colors_info=\u00a0\u00bb{}\u00a0\u00bb][et_pb_column type=\u00a0\u00bb4_4&Prime; _builder_version=\u00a0\u00bb4.19.4&Prime; _module_preset=\u00a0\u00bbdefault\u00a0\u00bb global_colors_info=\u00a0\u00bb{}\u00a0\u00bb][et_pb_text _builder_version=\u00a0\u00bb4.19.4&Prime; _module_preset=\u00a0\u00bbb327cbe4-b1d5-4b66-ad37-40c8f2f061ba\u00a0\u00bb header_2_font=\u00a0\u00bb|700|||||||\u00a0\u00bb header_2_text_color=\u00a0\u00bb#005CC8&Prime; header_2_font_size=\u00a0\u00bb38px\u00a0\u00bb header_2_line_height=\u00a0\u00bb1.35em\u00a0\u00bb header_2_font_size_tablet=\u00a0\u00bb32px\u00a0\u00bb header_2_font_size_phone=\u00a0\u00bb20px\u00a0\u00bb header_2_font_size_last_edited=\u00a0\u00bbon|desktop\u00a0\u00bb locked=\u00a0\u00bboff\u00a0\u00bb global_colors_info=\u00a0\u00bb{}\u00a0\u00bb]<\/p>\n<h2>Suivez-nous sur Instagram &#8211; <a href=\"https:\/\/www.instagram.com\/deaf1brasil\/\">Suivez @deaf1brasil<\/a><\/h2>\n<p>[\/et_pb_text][et_pb_code _builder_version=\u00a0\u00bb4.19.4&Prime; _module_preset=\u00a0\u00bbdefault\u00a0\u00bb global_colors_info=\u00a0\u00bb{}\u00a0\u00bb]\n<div id=\"sb_instagram\"  class=\"sbi sbi_mob_col_1 sbi_tab_col_2 sbi_col_4 sbi_width_resp\" style=\"padding-bottom: 10px;\"\t data-feedid=\"*1\"  data-res=\"auto\" data-cols=\"4\" data-colsmobile=\"1\" data-colstablet=\"2\" data-num=\"4\" data-nummobile=\"4\" data-item-padding=\"5\"\t data-shortcode-atts=\"{&quot;feed&quot;:&quot;1&quot;}\"  data-postid=\"1378\" data-locatornonce=\"213059af0d\" data-imageaspectratio=\"1:1\" data-sbi-flags=\"favorLocal,ajaxPostLoad,gdpr\">\n\t<div class=\"sb_instagram_header  sbi_medium\"   >\n\t<a class=\"sbi_header_link\" target=\"_blank\"\n\t   rel=\"nofollow noopener\" href=\"https:\/\/www.instagram.com\/deaf1brasil\/\" title=\"@deaf1brasil\">\n\t\t<div class=\"sbi_header_text\">\n\t\t\t<div class=\"sbi_header_img\"  data-avatar-url=\"https:\/\/scontent.cdninstagram.com\/v\/t51.82787-19\/517305307_18067610837513237_1640652997746956855_n.jpg?stp=dst-jpg_s206x206_tt6&amp;_nc_cat=111&amp;ccb=7-5&amp;_nc_sid=bf7eb4&amp;efg=eyJ2ZW5jb2RlX3RhZyI6InByb2ZpbGVfcGljLnd3dy40NTQuQzMifQ%3D%3D&amp;_nc_ohc=HulpH-MPhXkQ7kNvwHkKp1t&amp;_nc_oc=Adqp38NSKjQ4msAFZ5_N361lq9cbVqkIdx9sUZsIKM2TuLVZ_ImQvz6BQBosIyVLB2Y&amp;_nc_zt=24&amp;_nc_ht=scontent.cdninstagram.com&amp;edm=AP4hL3IEAAAA&amp;_nc_gid=p7QdTypR7gv2ir4XxYb2iw&amp;_nc_tpa=Q5bMBQH8bDbraYTbZt9HOdJS2hFz5YHXNwnlv8pDEUbDNK1U6DfaT7TrYP9GY5RqOGrB1ZejpQKnhKaHtA&amp;oh=00_Af70CUp198IKG_OZ4kc1VNTV7ajNONmSVI9lY5OrG8Wk0w&amp;oe=69FA8A01\">\n\t\t\t\t\t\t\t\t\t<div class=\"sbi_header_img_hover\"  ><svg class=\"sbi_new_logo fa-instagram fa-w-14\" aria-hidden=\"true\" data-fa-processed=\"\" aria-label=\"Instagram\" data-prefix=\"fab\" data-icon=\"instagram\" role=\"img\" viewBox=\"0 0 448 512\">\n                    <path fill=\"currentColor\" d=\"M224.1 141c-63.6 0-114.9 51.3-114.9 114.9s51.3 114.9 114.9 114.9S339 319.5 339 255.9 287.7 141 224.1 141zm0 189.6c-41.1 0-74.7-33.5-74.7-74.7s33.5-74.7 74.7-74.7 74.7 33.5 74.7 74.7-33.6 74.7-74.7 74.7zm146.4-194.3c0 14.9-12 26.8-26.8 26.8-14.9 0-26.8-12-26.8-26.8s12-26.8 26.8-26.8 26.8 12 26.8 26.8zm76.1 27.2c-1.7-35.9-9.9-67.7-36.2-93.9-26.2-26.2-58-34.4-93.9-36.2-37-2.1-147.9-2.1-184.9 0-35.8 1.7-67.6 9.9-93.9 36.1s-34.4 58-36.2 93.9c-2.1 37-2.1 147.9 0 184.9 1.7 35.9 9.9 67.7 36.2 93.9s58 34.4 93.9 36.2c37 2.1 147.9 2.1 184.9 0 35.9-1.7 67.7-9.9 93.9-36.2 26.2-26.2 34.4-58 36.2-93.9 2.1-37 2.1-147.8 0-184.8zM398.8 388c-7.8 19.6-22.9 34.7-42.6 42.6-29.5 11.7-99.5 9-132.1 9s-102.7 2.6-132.1-9c-19.6-7.8-34.7-22.9-42.6-42.6-11.7-29.5-9-99.5-9-132.1s-2.6-102.7 9-132.1c7.8-19.6 22.9-34.7 42.6-42.6 29.5-11.7 99.5-9 132.1-9s102.7-2.6 132.1 9c19.6 7.8 34.7 22.9 42.6 42.6 11.7 29.5 9 99.5 9 132.1s2.7 102.7-9 132.1z\"><\/path>\n                <\/svg><\/div>\n\t\t\t\t\t<img loading=\"lazy\" decoding=\"async\"  src=\"https:\/\/deaf1.com.br\/wp-content\/uploads\/2022\/12\/cropped-icon-instituto.png\" alt=\"\" width=\"50\" height=\"50\">\n\t\t\t\t\n\t\t\t\t\t\t\t<\/div>\n\n\t\t\t<div class=\"sbi_feedtheme_header_text\">\n\t\t\t\t<h3>deaf1brasil<\/h3>\n\t\t\t\t\t\t\t\t\t<p class=\"sbi_bio\">Instituto Mariano de Apoio \u00e0 Pesquisa em DEAF1 e Autismos Sindr\u00f4micos.<br>\nBanco do Brasil<br>\nAg: 1004-9<br>\nCC: 60532-8<br>\nCNPJ: 39.773.195\/0001-48 (PIX)<\/p>\n\t\t\t\t\t\t\t<\/div>\n\t\t<\/div>\n\t<\/a>\n<\/div>\n\n\t<div id=\"sbi_images\"  style=\"gap: 10px;\">\n\t\t\t<\/div>\n\n\t<div id=\"sbi_load\" >\n\n\t\t\t<button class=\"sbi_load_btn\"\n\t\t\ttype=\"button\" >\n\t\t\t<span class=\"sbi_btn_text\" >Carregar mais<\/span>\n\t\t\t<span class=\"sbi_loader sbi_hidden\" style=\"background-color: rgb(255, 255, 255);\" aria-hidden=\"true\"><\/span>\n\t\t<\/button>\n\t\n\t\t\t<span class=\"sbi_follow_btn sbi_custom\" >\n\t\t\t<a target=\"_blank\"\n\t\t\t\trel=\"nofollow noopener\"  href=\"https:\/\/www.instagram.com\/deaf1brasil\/\" style=\"background: rgb(64,139,209);\">\n\t\t\t\t<svg class=\"svg-inline--fa fa-instagram fa-w-14\" aria-hidden=\"true\" data-fa-processed=\"\" aria-label=\"Instagram\" data-prefix=\"fab\" data-icon=\"instagram\" role=\"img\" viewBox=\"0 0 448 512\">\n                    <path fill=\"currentColor\" d=\"M224.1 141c-63.6 0-114.9 51.3-114.9 114.9s51.3 114.9 114.9 114.9S339 319.5 339 255.9 287.7 141 224.1 141zm0 189.6c-41.1 0-74.7-33.5-74.7-74.7s33.5-74.7 74.7-74.7 74.7 33.5 74.7 74.7-33.6 74.7-74.7 74.7zm146.4-194.3c0 14.9-12 26.8-26.8 26.8-14.9 0-26.8-12-26.8-26.8s12-26.8 26.8-26.8 26.8 12 26.8 26.8zm76.1 27.2c-1.7-35.9-9.9-67.7-36.2-93.9-26.2-26.2-58-34.4-93.9-36.2-37-2.1-147.9-2.1-184.9 0-35.8 1.7-67.6 9.9-93.9 36.1s-34.4 58-36.2 93.9c-2.1 37-2.1 147.9 0 184.9 1.7 35.9 9.9 67.7 36.2 93.9s58 34.4 93.9 36.2c37 2.1 147.9 2.1 184.9 0 35.9-1.7 67.7-9.9 93.9-36.2 26.2-26.2 34.4-58 36.2-93.9 2.1-37 2.1-147.8 0-184.8zM398.8 388c-7.8 19.6-22.9 34.7-42.6 42.6-29.5 11.7-99.5 9-132.1 9s-102.7 2.6-132.1-9c-19.6-7.8-34.7-22.9-42.6-42.6-11.7-29.5-9-99.5-9-132.1s-2.6-102.7 9-132.1c7.8-19.6 22.9-34.7 42.6-42.6 29.5-11.7 99.5-9 132.1-9s102.7-2.6 132.1 9c19.6 7.8 34.7 22.9 42.6 42.6 11.7 29.5 9 99.5 9 132.1s2.7 102.7-9 132.1z\"><\/path>\n                <\/svg>\t\t\t\t<span>Seguir no Instagram<\/span>\n\t\t\t<\/a>\n\t\t<\/span>\n\t\n<\/div>\n\t\t<span class=\"sbi_resized_image_data\" data-feed-id=\"*1\"\n\t\t  data-resized=\"[]\">\n\t<\/span>\n\t<\/div>\n\n<script type=\"text\/javascript\">var sb_instagram_js_options = {\"font_method\":\"svg\",\"placeholder\":\"https:\\\/\\\/deaf1.com.br\\\/wp-content\\\/plugins\\\/instagram-feed\\\/img\\\/placeholder.png\",\"resized_url\":\"https:\\\/\\\/deaf1.com.br\\\/wp-content\\\/uploads\\\/sb-instagram-feed-images\\\/\",\"ajax_url\":\"https:\\\/\\\/deaf1.com.br\\\/wp-admin\\\/admin-ajax.php\"};<\/script><script type='text\/javascript' src='https:\/\/deaf1.com.br\/wp-content\/plugins\/instagram-feed\/js\/sbi-scripts.min.js?ver=6.10.1'><\/script>[\/et_pb_code][\/et_pb_column][\/et_pb_row][\/et_pb_section]<\/p>\n","protected":false},"excerpt":{"rendered":"<p>Quatre lettres et un chiffre. Un g\u00e8ne essentiel pour le d\u00e9veloppement neurologique et de nombreuses autres fonctions de notre corps. Sa mutation avant la mutation, dans un ou les deux gam\u00e8tes, peut d\u00e9clencher le syndrome de Vulto-Van Silhfhout-de Vries ou NEDHELS. Les sympt\u00f4mes d\u00e9clench\u00e9s peuvent \u00eatre : une d\u00e9ficience intellectuelle, une apraxie de la parole ou globale, un trouble du spectre autistique (TSA), un retard de d\u00e9veloppement, une \u00e9pilepsie. L&rsquo;identification de cette mutation, dans presque tous les pays, n&rsquo;est possible que par EXOMA. Dans notre base de donn\u00e9es, il y a plus de 100 enqu\u00eates r\u00e9alis\u00e9es jusqu&rsquo;\u00e0 pr\u00e9sent. Beaucoup a d\u00e9j\u00e0 \u00e9t\u00e9 vu, mais pour nos enfants il reste encore beaucoup de questions sans r\u00e9ponse, de difficult\u00e9s, de bouleversements et autres d\u00e9fis quotidiens. Nous voulons aller plus loin. Avec la responsabilit\u00e9, la proximit\u00e9 entre les familles et la science, la foi et l&rsquo;engagement, nous croyons que la recherche peut aider chacune de ces personnes \u00e0 avoir plus de qualit\u00e9 de vie, de communication et de participation sociale. Apr\u00e8s tout, TOUTES LES VIES LE VAUTENT !<div class=\"et_pb_module dsm_image_carousel dsm_image_carousel_0 dsm_image_carousel_arrow_inside dsm_image_carousel_arrow_mobile_inside \">\n\t\t\t\t\n\t\t\t\t\n\t\t\t\t\n\t\t\t\t\n\t\t\t\t\n\t\t\t\t\n\t\t\t\t<div class=\"et_pb_module_inner\">\n\t\t\t\t\t<div class=\"swiper-container dsm_image_carousel_container  dsm_image_carousel_carousel\" dir=\"ltr\"data-effect=\"default\"\n\t\t\tdata-slider-effect-shadows=\"false\"\n\t\t\tdata-slider-effect-coverflow-rotate=\"30\"\n\t\t\tdata-slider-effect-coverflow-depth=\"0\"\n\t\t\tdata-loop=\"true\"\n\t\t\tdata-slide-to-show=\"1\"\n\t\t\tdata-slide-to-show-tablet=\"1\"\n\t\t\tdata-slide-to-show-phone=\"1\"\n\t\t\tdata-slide-to-scroll=\"1\"\n\t\t\tdata-slide-to-scroll-tablet=\"1\"\n\t\t\tdata-slide-to-scroll-phone=\"1\"\n\t\t\tdata-space-between=\"15\"\n\t\t\tdata-space-between-tablet=\"15\"\n\t\t\tdata-space-between-phone=\"15\"\n\t\t\tdata-slide-row=\"1\"\n\t\t\tdata-centered-slides=\"true\"\n\t\t\tdata-speed=\"300\"\n\t\t\tdata-autoplay=\"true\"\n\t\t\tdata-autoplay-speed=\"2000\"\n\t\t\tdata-touch-move=\"true\"\n\t\t\tdata-grab=\"true\"\n\t\t\tdata-pause-on-hover=\"false\"\n\t\t\tdata-show-lightbox=\"false\"\n\t\t\tdata-lightbox-gallery=\"false\"\n\t\t\tdata-lightbox-caption=\"false\"\n\t\t\tdata-infinite-scrolling=\"false\"\n\t\t\tdata-slide-row-tablet=\"1\"\n\t\t\tdata-slide-row-phone=\"1\"\n\t\t\tdata-autoplay-viewport=80%\n\t\t\tdata-mousewheel=\"false\"\n\t\t\tdata-lazyload=\"false\"\n\t\t\tdata-type=\"carousel\"\n\t\t\tdata-slideshow-effect=\"default\"\n\t\t\tdata-slideshow-to-show=\"4\"\n\t\t\tdata-slideshow-to-show-tablet=\"4\"\n\t\t\tdata-slideshow-to-show-phone=\"\"\n\t\t\tdata-slider-orientation=\"horizontal\"\n\t\t\t\t\t\tdata-lightbox-title=\"false\"\n\n\t\t\t><div class=\"swiper-wrapper\"><div class=\"swiper-slide dsm_image_carousel_item\"><img loading=\"lazy\" decoding=\"async\" src=\"https:\/\/deaf1.com.br\/wp-content\/uploads\/2022\/12\/artur7.jpg\" alt=\"\" title=\"Deaf1\" width=\"498\" height=\"467\" data-dsm-image-description=\"\" srcset=\"https:\/\/deaf1.com.br\/wp-content\/uploads\/2022\/12\/artur7.jpg 498w, https:\/\/deaf1.com.br\/wp-content\/uploads\/2022\/12\/artur7-480x450.jpg 480w\" sizes=\"(min-width: 0px) and (max-width: 480px) 480px, (min-width: 481px) 498px, 100vw\" class=\" skip-lazy\" \/><\/div><div class=\"swiper-slide dsm_image_carousel_item\"><img loading=\"lazy\" decoding=\"async\" src=\"https:\/\/deaf1.com.br\/wp-content\/uploads\/2022\/12\/ale4.png\" alt=\"\" title=\"Deaf1\" width=\"567\" height=\"459\" data-dsm-image-description=\"\" srcset=\"https:\/\/deaf1.com.br\/wp-content\/uploads\/2022\/12\/ale4.png 567w, https:\/\/deaf1.com.br\/wp-content\/uploads\/2022\/12\/ale4-480x389.png 480w\" sizes=\"(min-width: 0px) and (max-width: 480px) 480px, (min-width: 481px) 567px, 100vw\" class=\" skip-lazy\" \/><\/div><div class=\"swiper-slide dsm_image_carousel_item\"><img loading=\"lazy\" decoding=\"async\" src=\"https:\/\/deaf1.com.br\/wp-content\/uploads\/2022\/12\/zeynep.png\" alt=\"\" title=\"Deaf1\" width=\"607\" height=\"612\" data-dsm-image-description=\"\" srcset=\"https:\/\/deaf1.com.br\/wp-content\/uploads\/2022\/12\/zeynep.png 607w, https:\/\/deaf1.com.br\/wp-content\/uploads\/2022\/12\/zeynep-480x484.png 480w\" sizes=\"(min-width: 0px) and (max-width: 480px) 480px, (min-width: 481px) 607px, 100vw\" class=\" skip-lazy\" \/><\/div><div class=\"swiper-slide dsm_image_carousel_item\"><img loading=\"lazy\" decoding=\"async\" src=\"https:\/\/deaf1.com.br\/wp-content\/uploads\/2022\/12\/rafael4.png\" alt=\"\" title=\"Deaf1\" width=\"570\" height=\"524\" data-dsm-image-description=\"\" srcset=\"https:\/\/deaf1.com.br\/wp-content\/uploads\/2022\/12\/rafael4.png 570w, https:\/\/deaf1.com.br\/wp-content\/uploads\/2022\/12\/rafael4-480x441.png 480w\" sizes=\"(min-width: 0px) and (max-width: 480px) 480px, (min-width: 481px) 570px, 100vw\" class=\" skip-lazy\" \/><\/div><div class=\"swiper-slide dsm_image_carousel_item\"><img loading=\"lazy\" decoding=\"async\" src=\"https:\/\/deaf1.com.br\/wp-content\/uploads\/2022\/12\/melissa5.png\" alt=\"\" title=\"Deaf1\" width=\"418\" height=\"494\" data-dsm-image-description=\"\" srcset=\"https:\/\/deaf1.com.br\/wp-content\/uploads\/2022\/12\/melissa5.png 418w, https:\/\/deaf1.com.br\/wp-content\/uploads\/2022\/12\/melissa5-254x300.png 254w\" sizes=\"(max-width: 418px) 100vw, 418px\" class=\" skip-lazy\" \/><\/div><div class=\"swiper-slide dsm_image_carousel_item\"><img loading=\"lazy\" decoding=\"async\" src=\"https:\/\/deaf1.com.br\/wp-content\/uploads\/2022\/12\/gabmarcela.jpg\" alt=\"\" title=\"Deaf1\" width=\"462\" height=\"467\" data-dsm-image-description=\"\" srcset=\"https:\/\/deaf1.com.br\/wp-content\/uploads\/2022\/12\/gabmarcela.jpg 462w, https:\/\/deaf1.com.br\/wp-content\/uploads\/2022\/12\/gabmarcela-297x300.jpg 297w\" sizes=\"(max-width: 462px) 100vw, 462px\" class=\" skip-lazy\" \/><\/div><div class=\"swiper-slide dsm_image_carousel_item\"><img loading=\"lazy\" decoding=\"async\" src=\"https:\/\/deaf1.com.br\/wp-content\/uploads\/2022\/12\/daniel3.png\" alt=\"\" title=\"Deaf1\" width=\"367\" height=\"440\" data-dsm-image-description=\"\" srcset=\"https:\/\/deaf1.com.br\/wp-content\/uploads\/2022\/12\/daniel3.png 367w, https:\/\/deaf1.com.br\/wp-content\/uploads\/2022\/12\/daniel3-250x300.png 250w\" sizes=\"(max-width: 367px) 100vw, 367px\" class=\" skip-lazy\" \/><\/div><div class=\"swiper-slide dsm_image_carousel_item\"><img loading=\"lazy\" decoding=\"async\" src=\"https:\/\/deaf1.com.br\/wp-content\/uploads\/2022\/12\/gemeos.jpeg\" alt=\"\" title=\"Deaf1\" width=\"754\" height=\"960\" data-dsm-image-description=\"\" srcset=\"https:\/\/deaf1.com.br\/wp-content\/uploads\/2022\/12\/gemeos.jpeg 754w, https:\/\/deaf1.com.br\/wp-content\/uploads\/2022\/12\/gemeos-480x611.jpeg 480w\" sizes=\"(min-width: 0px) and (max-width: 480px) 480px, (min-width: 481px) 754px, 100vw\" class=\" skip-lazy\" \/><\/div><\/div><\/div><div class=\"swiper-button-prev swiper-arrow-button\" data-icon=\"4\"><\/div><div class=\"swiper-button-next swiper-arrow-button\" data-icon=\"5\"><\/div><div class=\"swiper-pagination\"><\/div>\n\t\t\t\t<\/div>\n\t\t\t<\/div>Tenez-vous au courant des derni\u00e8res recherches et connaissances sur DEAF1Nous sommes un institut qui promeut la recherche [&hellip;]<\/p>\n","protected":false},"author":1,"featured_media":1490,"parent":0,"menu_order":0,"comment_status":"closed","ping_status":"closed","template":"","meta":{"give_campaign_id":0,"_et_pb_use_builder":"on","_et_pb_old_content":"","_et_gb_content_width":"","footnotes":""},"class_list":["post-1378","page","type-page","status-publish","has-post-thumbnail","hentry"],"yoast_head":"<!-- This site is optimized with the Yoast SEO plugin v27.5 - https:\/\/yoast.com\/product\/yoast-seo-wordpress\/ -->\n<title>Page d&#039;accueil - Instituto DEAF1<\/title>\n<meta name=\"description\" content=\"Recherche scientifique \u00e0 la recherche de traitements pour les syndromes li\u00e9s au g\u00e8ne DEAF1 : Syndrome de Vulto-Van Silfhout de-Vries et NEDHELS\" \/>\n<meta name=\"robots\" content=\"index, follow, max-snippet:-1, max-image-preview:large, max-video-preview:-1\" \/>\n<link rel=\"canonical\" href=\"https:\/\/deaf1.com.br\/\" \/>\n<meta property=\"og:locale\" content=\"fr_FR\" \/>\n<meta property=\"og:type\" content=\"article\" \/>\n<meta property=\"og:title\" content=\"Page d&#039;accueil - Instituto DEAF1\" \/>\n<meta property=\"og:description\" content=\"Recherche scientifique \u00e0 la recherche de traitements pour les syndromes li\u00e9s au g\u00e8ne DEAF1 : Syndrome de Vulto-Van Silfhout de-Vries et NEDHELS\" \/>\n<meta property=\"og:url\" content=\"https:\/\/deaf1.com.br\/\" \/>\n<meta property=\"og:site_name\" content=\"Instituto DEAF1\" \/>\n<meta property=\"article:modified_time\" content=\"2025-11-24T23:57:00+00:00\" \/>\n<meta property=\"og:image\" content=\"https:\/\/deaf1.com.br\/wp-content\/uploads\/2023\/02\/logomarca_INSTITUTO_simplificada_300x300.png\" \/>\n<meta name=\"twitter:card\" content=\"summary_large_image\" \/>\n<meta name=\"twitter:label1\" content=\"Dur\u00e9e de lecture estim\u00e9e\" \/>\n\t<meta name=\"twitter:data1\" content=\"9 minutes\" \/>\n<script type=\"application\/ld+json\" class=\"yoast-schema-graph\">{\"@context\":\"https:\\\/\\\/schema.org\",\"@graph\":[{\"@type\":\"WebPage\",\"@id\":\"https:\\\/\\\/deaf1.com.br\\\/\",\"url\":\"https:\\\/\\\/deaf1.com.br\\\/\",\"name\":\"Page d'accueil - Instituto DEAF1\",\"isPartOf\":{\"@id\":\"https:\\\/\\\/deaf1.com.br\\\/#website\"},\"primaryImageOfPage\":{\"@id\":\"https:\\\/\\\/deaf1.com.br\\\/#primaryimage\"},\"image\":{\"@id\":\"https:\\\/\\\/deaf1.com.br\\\/#primaryimage\"},\"thumbnailUrl\":\"https:\\\/\\\/deaf1.com.br\\\/wp-content\\\/uploads\\\/2023\\\/02\\\/logomarca_INSTITUTO_simplificada_300x300-1.png\",\"datePublished\":\"2022-12-21T13:57:57+00:00\",\"dateModified\":\"2025-11-24T23:57:00+00:00\",\"description\":\"Recherche scientifique \u00e0 la recherche de traitements pour les syndromes li\u00e9s au g\u00e8ne DEAF1 : Syndrome de Vulto-Van Silfhout de-Vries et NEDHELS\",\"inLanguage\":\"fr-FR\",\"potentialAction\":[{\"@type\":\"ReadAction\",\"target\":[\"https:\\\/\\\/deaf1.com.br\\\/\"]}]},{\"@type\":\"ImageObject\",\"inLanguage\":\"fr-FR\",\"@id\":\"https:\\\/\\\/deaf1.com.br\\\/#primaryimage\",\"url\":\"https:\\\/\\\/deaf1.com.br\\\/wp-content\\\/uploads\\\/2023\\\/02\\\/logomarca_INSTITUTO_simplificada_300x300-1.png\",\"contentUrl\":\"https:\\\/\\\/deaf1.com.br\\\/wp-content\\\/uploads\\\/2023\\\/02\\\/logomarca_INSTITUTO_simplificada_300x300-1.png\",\"width\":300,\"height\":300},{\"@type\":\"WebSite\",\"@id\":\"https:\\\/\\\/deaf1.com.br\\\/#website\",\"url\":\"https:\\\/\\\/deaf1.com.br\\\/\",\"name\":\"Instituto DEAF1\",\"description\":\"Pesquisas cient\u00edficas em busca de tratamentos e da cura das consequ\u00eancias da muta\u00e7\u00e3o no gene DEAF1\",\"potentialAction\":[{\"@type\":\"SearchAction\",\"target\":{\"@type\":\"EntryPoint\",\"urlTemplate\":\"https:\\\/\\\/deaf1.com.br\\\/?s={search_term_string}\"},\"query-input\":{\"@type\":\"PropertyValueSpecification\",\"valueRequired\":true,\"valueName\":\"search_term_string\"}}],\"inLanguage\":\"fr-FR\"}]}<\/script>\n<!-- \/ Yoast SEO plugin. -->","yoast_head_json":{"title":"Page d'accueil - Instituto DEAF1","description":"Recherche scientifique \u00e0 la recherche de traitements pour les syndromes li\u00e9s au g\u00e8ne DEAF1 : Syndrome de Vulto-Van Silfhout de-Vries et NEDHELS","robots":{"index":"index","follow":"follow","max-snippet":"max-snippet:-1","max-image-preview":"max-image-preview:large","max-video-preview":"max-video-preview:-1"},"canonical":"https:\/\/deaf1.com.br\/","og_locale":"fr_FR","og_type":"article","og_title":"Page d'accueil - Instituto DEAF1","og_description":"Recherche scientifique \u00e0 la recherche de traitements pour les syndromes li\u00e9s au g\u00e8ne DEAF1 : Syndrome de Vulto-Van Silfhout de-Vries et NEDHELS","og_url":"https:\/\/deaf1.com.br\/","og_site_name":"Instituto DEAF1","article_modified_time":"2025-11-24T23:57:00+00:00","og_image":[{"url":"https:\/\/deaf1.com.br\/wp-content\/uploads\/2023\/02\/logomarca_INSTITUTO_simplificada_300x300.png","type":"","width":"","height":""}],"twitter_card":"summary_large_image","twitter_misc":{"Dur\u00e9e de lecture estim\u00e9e":"9 minutes"},"schema":{"@context":"https:\/\/schema.org","@graph":[{"@type":"WebPage","@id":"https:\/\/deaf1.com.br\/","url":"https:\/\/deaf1.com.br\/","name":"Page d'accueil - Instituto DEAF1","isPartOf":{"@id":"https:\/\/deaf1.com.br\/#website"},"primaryImageOfPage":{"@id":"https:\/\/deaf1.com.br\/#primaryimage"},"image":{"@id":"https:\/\/deaf1.com.br\/#primaryimage"},"thumbnailUrl":"https:\/\/deaf1.com.br\/wp-content\/uploads\/2023\/02\/logomarca_INSTITUTO_simplificada_300x300-1.png","datePublished":"2022-12-21T13:57:57+00:00","dateModified":"2025-11-24T23:57:00+00:00","description":"Recherche scientifique \u00e0 la recherche de traitements pour les syndromes li\u00e9s au g\u00e8ne DEAF1 : Syndrome de Vulto-Van Silfhout de-Vries et NEDHELS","inLanguage":"fr-FR","potentialAction":[{"@type":"ReadAction","target":["https:\/\/deaf1.com.br\/"]}]},{"@type":"ImageObject","inLanguage":"fr-FR","@id":"https:\/\/deaf1.com.br\/#primaryimage","url":"https:\/\/deaf1.com.br\/wp-content\/uploads\/2023\/02\/logomarca_INSTITUTO_simplificada_300x300-1.png","contentUrl":"https:\/\/deaf1.com.br\/wp-content\/uploads\/2023\/02\/logomarca_INSTITUTO_simplificada_300x300-1.png","width":300,"height":300},{"@type":"WebSite","@id":"https:\/\/deaf1.com.br\/#website","url":"https:\/\/deaf1.com.br\/","name":"Instituto DEAF1","description":"Pesquisas cient\u00edficas em busca de tratamentos e da cura das consequ\u00eancias da muta\u00e7\u00e3o no gene DEAF1","potentialAction":[{"@type":"SearchAction","target":{"@type":"EntryPoint","urlTemplate":"https:\/\/deaf1.com.br\/?s={search_term_string}"},"query-input":{"@type":"PropertyValueSpecification","valueRequired":true,"valueName":"search_term_string"}}],"inLanguage":"fr-FR"}]}},"campaignId":"","_links":{"self":[{"href":"https:\/\/deaf1.com.br\/fr\/wp-json\/wp\/v2\/pages\/1378","targetHints":{"allow":["GET"]}}],"collection":[{"href":"https:\/\/deaf1.com.br\/fr\/wp-json\/wp\/v2\/pages"}],"about":[{"href":"https:\/\/deaf1.com.br\/fr\/wp-json\/wp\/v2\/types\/page"}],"author":[{"embeddable":true,"href":"https:\/\/deaf1.com.br\/fr\/wp-json\/wp\/v2\/users\/1"}],"replies":[{"embeddable":true,"href":"https:\/\/deaf1.com.br\/fr\/wp-json\/wp\/v2\/comments?post=1378"}],"version-history":[{"count":8,"href":"https:\/\/deaf1.com.br\/fr\/wp-json\/wp\/v2\/pages\/1378\/revisions"}],"predecessor-version":[{"id":15159,"href":"https:\/\/deaf1.com.br\/fr\/wp-json\/wp\/v2\/pages\/1378\/revisions\/15159"}],"wp:featuredmedia":[{"embeddable":true,"href":"https:\/\/deaf1.com.br\/fr\/wp-json\/wp\/v2\/media\/1490"}],"wp:attachment":[{"href":"https:\/\/deaf1.com.br\/fr\/wp-json\/wp\/v2\/media?parent=1378"}],"curies":[{"name":"wp","href":"https:\/\/api.w.org\/{rel}","templated":true}]}}